{"id":543,"date":"2020-10-02T19:06:01","date_gmt":"2020-10-02T17:06:01","guid":{"rendered":"https:\/\/ateni.se\/?page_id=543"},"modified":"2020-10-08T23:45:21","modified_gmt":"2020-10-08T21:45:21","slug":"cv","status":"publish","type":"page","link":"https:\/\/cetrel.se\/?page_id=543","title":{"rendered":"CV"},"content":{"rendered":"\n<h5 class=\"has-text-color has-medium-font-size wp-block-heading\" style=\"color:#0000a3\"><strong>Lars Lundin<\/strong><\/h5>\n\n\n\n<p>Jag \u00e4r frist\u00e5ende konsult sen 1997 genom firma CETR\u00c9L, de f\u00f6rsta tio \u00e5ren i uppdrag som chef att hyra, projektledare, utbildare och personlig coach och fr\u00e5n 2007 alltmer som f\u00f6retagsm\u00e4klare och redovisningskonsult. CETR\u00c9L har i dag medverkat i ett 50-tal f\u00f6retags\u00f6verl\u00e5telser och koncentreras fr\u00e5n 2020 helt till f\u00f6retagsf\u00f6rmedling och v\u00e4rdering. Uppdragen som redovisningskonsult utf\u00f6r jag fram\u00f6ver genom Accurateni, en av verksamheterna i av mig h\u00e4lften\u00e4gda Ateni AB.<\/p>\n\n\n\n<h6 class=\"wp-block-heading\">Exempel p\u00e5 uppdrag 1997-2007<\/h6>\n\n\n\n<ul class=\"wp-block-list\"><li>Starta regionkontor inkl rekrytera personal \u00e5t IT-f\u00f6retag (chef att hyra)<\/li><li>Bygga upp och starta internt Competence Center \u00e5t IT-f\u00f6retag (projektledare)<\/li><li>Genomf\u00f6ra ledarskapstr\u00e4ningar, individuellt och f\u00f6r hela ledningsgrupper, hos IT-, Telecom- och handelsf\u00f6retag (Coach)<\/li><li>Utreda ny organisation och bemanning \u00e5t IT-f\u00f6retag vid f\u00f6retagsf\u00f6rv\u00e4rv (utredare)<\/li><li>Vara F\u00f6rs\u00e4ljningschef Sverige hos IT-f\u00f6retag med miljardoms\u00e4ttning (chef att hyra)<\/li><li>Ta fram kravspec f\u00f6r upphandling av aff\u00e4rs- och ekonomisystem (utredare)<\/li><li>Sk\u00f6ta ekonomi, admin, kontraktsf\u00f6rhandlingar och f\u00f6rvaltning av musikf\u00f6rlag och musikproducentbolag (chef att hyra)<\/li><\/ul>\n\n\n\n<h6 class=\"wp-block-heading\">Formell utbildning<\/h6>\n\n\n\n<ul class=\"wp-block-list\"><li>1963-66 Studentexamen, realmatematisk gren<\/li><li>1966-67 Underbef\u00e4lutbildning, LV\/ Lule\u00e5<\/li><li>1967-70 Civilekonom, Handelsh\u00f6gskolan i Stockholm<\/li><li>1970-71 \u00d6verkurser civilekonomexamen till totalt 160 po\u00e4ng<\/li><li>1971-72 Master of Business Administration (MBA) vid INSEAD i Fontainebleau<\/li><\/ul>\n\n\n\n<div class=\"wp-block-group\"><div class=\"wp-block-group__inner-container is-layout-flow wp-block-group-is-layout-flow\">\n<h6 class=\"wp-block-heading\">Anst\u00e4llningar, kronologiskt<\/h6>\n\n\n\n<ul class=\"wp-block-list\"><li>1972-73 Electrolux, management trainee<\/li><li>1973-74 Burroughs, s\u00e4ljare kontors- och minidatorer, produktkoordinater f\u00f6r administrativa applikationspaket<\/li><li>1975-76 Bell &amp; Howell, Country Manager f\u00f6r Business Equipment Division<\/li><li>1976-78 Esselte System, produktchef Norden och f\u00f6rs\u00e4ljningschef Sverige<\/li><li>1979-80 Wang Skandinaviska, produkt- och f\u00f6rs\u00e4ljningschef Large Systems<\/li><li>1980-82 Roneo-Alcatel, f\u00f6rs\u00e4ljningsdirekt\u00f6r<\/li><li>1982-83 Konsultdata, VD, dataservicebyr\u00e5 och f\u00f6rs\u00e4ljning av applikationer till stordatormilj\u00f6er<\/li><li>1984-86 Ericsson Information Systems, f\u00f6rs\u00e4ljningschef persondatorer<\/li><li>1986-88 DHL International, VD<\/li><li>1989-97 Bull AB, marknadsdirekt\u00f6r Sverige, Informationsdirekt\u00f6r Norden, Telco Niche Manager Norden med ansvar f\u00f6r Bulls World-Wide Telco Competence Centre <\/li><\/ul>\n\n\n\n<div class=\"wp-block-buttons is-layout-flex wp-block-buttons-is-layout-flex\">\n<div class=\"wp-block-button\"><a class=\"wp-block-button__link has-white-color has-vivid-cyan-blue-background-color has-text-color has-background no-border-radius\" href=\"https:\/\/cetrel.se\/?page_id=505\"><strong>Tillbaks<\/strong><\/a><\/div>\n<\/div>\n\n\n\n<p><\/p>\n\n\n\n<p><\/p>\n\n\n\n<p><\/p>\n\n\n\n<p><\/p>\n\n\n\n<figure class=\"wp-block-image size-large is-style-default\"><img loading=\"lazy\" decoding=\"async\" width=\"1024\" height=\"192\" src=\"https:\/\/cetrel.se\/wp-content\/uploads\/2020\/09\/Cetrel-1024x192.png\" alt=\"\" class=\"wp-image-58\"\/><\/figure>\n<\/div><\/div>\n\n\n\n<p><\/p>\n","protected":false},"excerpt":{"rendered":"<p>Lars Lundin Jag \u00e4r frist\u00e5ende konsult sen 1997 genom firma CETR\u00c9L, de f\u00f6rsta tio \u00e5ren i uppdrag som chef att hyra, projektledare, utbildare och personlig coach och fr\u00e5n 2007 alltmer som f\u00f6retagsm\u00e4klare och redovisningskonsult. CETR\u00c9L har i dag medverkat i ett 50-tal f\u00f6retags\u00f6verl\u00e5telser och koncentreras fr\u00e5n 2020 helt till f\u00f6retagsf\u00f6rmedling och v\u00e4rdering. Uppdragen som redovisningskonsult &hellip; <\/p>\n<p class=\"link-more\"><a href=\"https:\/\/cetrel.se\/?page_id=543\" class=\"more-link\">Forts\u00e4tt l\u00e4sa<span class=\"screen-reader-text\"> \u201dCV\u201d<\/span><\/a><\/p>\n","protected":false},"author":1,"featured_media":0,"parent":0,"menu_order":0,"comment_status":"closed","ping_status":"closed","template":"","meta":{"footnotes":""},"class_list":["post-543","page","type-page","status-publish","hentry"],"_links":{"self":[{"href":"https:\/\/cetrel.se\/index.php?rest_route=\/wp\/v2\/pages\/543","targetHints":{"allow":["GET"]}}],"collection":[{"href":"https:\/\/cetrel.se\/index.php?rest_route=\/wp\/v2\/pages"}],"about":[{"href":"https:\/\/cetrel.se\/index.php?rest_route=\/wp\/v2\/types\/page"}],"author":[{"embeddable":true,"href":"https:\/\/cetrel.se\/index.php?rest_route=\/wp\/v2\/users\/1"}],"replies":[{"embeddable":true,"href":"https:\/\/cetrel.se\/index.php?rest_route=%2Fwp%2Fv2%2Fcomments&post=543"}],"version-history":[{"count":11,"href":"https:\/\/cetrel.se\/index.php?rest_route=\/wp\/v2\/pages\/543\/revisions"}],"predecessor-version":[{"id":768,"href":"https:\/\/cetrel.se\/index.php?rest_route=\/wp\/v2\/pages\/543\/revisions\/768"}],"wp:attachment":[{"href":"https:\/\/cetrel.se\/index.php?rest_route=%2Fwp%2Fv2%2Fmedia&parent=543"}],"curies":[{"name":"wp","href":"https:\/\/api.w.org\/{rel}","templated":true}]}}